{"id":211,"date":"2022-09-12T13:55:44","date_gmt":"2022-09-12T13:55:44","guid":{"rendered":"http:\/\/box5658.temp.domains\/~vrrqklmy\/?page_id=211"},"modified":"2026-01-16T13:46:01","modified_gmt":"2026-01-16T19:46:01","slug":"faqs","status":"publish","type":"page","link":"https:\/\/meritmusic.org\/es\/faqs\/","title":{"rendered":"preguntas frecuentes"},"content":{"rendered":"<div data-elementor-type=\"wp-page\" data-elementor-id=\"211\" class=\"elementor elementor-211\" data-elementor-post-type=\"page\">\n\t\t\t\t\t\t<section class=\"elementor-section elementor-top-section elementor-element elementor-element-e93ea2f elementor-section-stretched elementor-section-boxed elementor-section-height-default elementor-section-height-default\" data-id=\"e93ea2f\" data-element_type=\"section\" data-e-type=\"section\" data-settings=\"{&quot;background_background&quot;:&quot;gradient&quot;,&quot;stretch_section&quot;:&quot;section-stretched&quot;}\">\n\t\t\t\t\t\t\t<div class=\"elementor-background-overlay\"><\/div>\n\t\t\t\t\t\t\t<div class=\"elementor-container elementor-column-gap-default\">\n\t\t\t\t\t<div class=\"elementor-column elementor-col-100 elementor-top-column elementor-element elementor-element-70084f28\" data-id=\"70084f28\" data-element_type=\"column\" data-e-type=\"column\">\n\t\t\t<div class=\"elementor-widget-wrap elementor-element-populated\">\n\t\t\t\t\t\t<div class=\"elementor-element elementor-element-8715049 elementor-widget elementor-widget-heading\" data-id=\"8715049\" data-element_type=\"widget\" data-e-type=\"widget\" data-widget_type=\"heading.default\">\n\t\t\t\t<div class=\"elementor-widget-container\">\n\t\t\t\t\t<h1 class=\"elementor-heading-title elementor-size-default\">Preguntas frecuentes<\/h1>\t\t\t\t<\/div>\n\t\t\t\t<\/div>\n\t\t\t\t\t<\/div>\n\t\t<\/div>\n\t\t\t\t\t<\/div>\n\t\t<\/section>\n\t\t\t\t<section class=\"elementor-section elementor-top-section elementor-element elementor-element-ad46c5c elementor-section-boxed elementor-section-height-default elementor-section-height-default\" data-id=\"ad46c5c\" data-element_type=\"section\" data-e-type=\"section\">\n\t\t\t\t\t\t<div class=\"elementor-container elementor-column-gap-default\">\n\t\t\t\t\t<div class=\"elementor-column elementor-col-100 elementor-top-column elementor-element elementor-element-c2dce94\" data-id=\"c2dce94\" data-element_type=\"column\" data-e-type=\"column\">\n\t\t\t<div class=\"elementor-widget-wrap elementor-element-populated\">\n\t\t\t\t\t\t<div class=\"elementor-element elementor-element-37702be elementor-widget elementor-widget-heading\" data-id=\"37702be\" data-element_type=\"widget\" data-e-type=\"widget\" data-widget_type=\"heading.default\">\n\t\t\t\t<div class=\"elementor-widget-container\">\n\t\t\t\t\t<h2 class=\"elementor-heading-title elementor-size-default\">Respuestas r\u00e1pidas a preguntas comunes<\/h2>\t\t\t\t<\/div>\n\t\t\t\t<\/div>\n\t\t\t\t\t<\/div>\n\t\t<\/div>\n\t\t\t\t\t<\/div>\n\t\t<\/section>\n\t\t\t\t<section class=\"elementor-section elementor-top-section elementor-element elementor-element-2b1eac6 elementor-section-stretched elementor-section-boxed elementor-section-height-default elementor-section-height-default\" data-id=\"2b1eac6\" data-element_type=\"section\" data-e-type=\"section\" data-settings=\"{&quot;stretch_section&quot;:&quot;section-stretched&quot;}\">\n\t\t\t\t\t\t<div class=\"elementor-container elementor-column-gap-default\">\n\t\t\t\t\t<div class=\"elementor-column elementor-col-100 elementor-top-column elementor-element elementor-element-cc887ea\" data-id=\"cc887ea\" data-element_type=\"column\" data-e-type=\"column\">\n\t\t\t<div class=\"elementor-widget-wrap elementor-element-populated\">\n\t\t\t\t\t\t<div class=\"elementor-element elementor-element-b413081 elementor-widget elementor-widget-heading\" data-id=\"b413081\" data-element_type=\"widget\" data-e-type=\"widget\" data-widget_type=\"heading.default\">\n\t\t\t\t<div class=\"elementor-widget-container\">\n\t\t\t\t\t<h2 class=\"elementor-heading-title elementor-size-default\">Registro<\/h2>\t\t\t\t<\/div>\n\t\t\t\t<\/div>\n\t\t\t\t<div class=\"elementor-element elementor-element-c83c9a2 elementor-widget elementor-widget-eael-adv-accordion\" data-id=\"c83c9a2\" data-element_type=\"widget\" data-e-type=\"widget\" data-widget_type=\"eael-adv-accordion.default\">\n\t\t\t\t<div class=\"elementor-widget-container\">\n\t\t\t\t\t            <div class=\"eael-adv-accordion\" id=\"eael-adv-accordion-c83c9a2\" data-scroll-on-click=\"no\" data-scroll-speed=\"300\" data-accordion-id=\"c83c9a2\" data-accordion-type=\"accordion\" data-toogle-speed=\"300\">\n            <div class=\"eael-accordion-list\">\n\t\t\t\t\t<div id=\"how-do-i-register\" class=\"elementor-tab-title eael-accordion-header\" tabindex=\"0\" data-tab=\"1\" aria-controls=\"elementor-tab-content-2091\"><span class=\"eael-advanced-accordion-icon-closed\"><i aria-hidden=\"true\" class=\"fa-accordion-icon fas fa-plus\"><\/i><\/span><span class=\"eael-advanced-accordion-icon-opened\"><i aria-hidden=\"true\" class=\"fa-accordion-icon fas fa-minus\"><\/i><\/span><h3 class=\"eael-accordion-tab-title\">\u00bfC\u00f3mo me registro?<\/h3><\/div><div id=\"elementor-tab-content-2091\" class=\"eael-accordion-content clearfix\" data-tab=\"1\" aria-labelledby=\"how-do-i-register\"><h3><strong>Clases Grupales<\/strong><\/h3><ol><li>Paso opcional: <a href=\"https:\/\/meritmusic.org\/es\/student-resources\/#financial-aid\"><strong>Solicitar ayuda financiera <\/strong><\/a>(Las solicitudes de ayuda financiera deben presentarse antes de inscribirse en cualquier clase o lecci\u00f3n. <strong><a href=\"https:\/\/meritmusic.org\/es\/student-resources\/#financial-aid\">Leer m\u00e1s<\/a><\/strong>.).<\/li><li><strong><a href=\"https:\/\/app.amilia.com\/store\/en\/merit-school-of-music\/shop\/programs\" target=\"_blank\" rel=\"noopener\">Explore nuestros programas en l\u00ednea.<\/a><\/strong><\/li><li>Seleccione su curso.<\/li><li>Completa tu registro.<\/li><\/ol><h3><strong style=\"font-size: 24px\">Lecciones privadas<\/strong><\/h3><p><strong>Nuevos estudiantes<\/strong><\/p><ol><li><strong><a href=\"https:\/\/meritmusic.org\/es\/private-lessons\/#form\" rel=\"noopener\">Env\u00ede un formulario de consulta.<\/a><\/strong><\/li><li>Nuestro equipo de Servicios Estudiantiles trabajar\u00e1 con usted para conectarlo personalmente con un maestro seg\u00fan sus objetivos y horario.<ul><li><em>Mientras espera: si est\u00e1 solicitando ayuda financiera, tenga en cuenta que las solicitudes de ayuda deben enviarse antes de registrarse. <strong><a href=\"https:\/\/meritmusic.org\/es\/student-resources\/#financial-aid\">Solicitar ayuda.<\/a><\/strong><\/em><\/li><\/ul><\/li><li>Le enviaremos un enlace de registro personalizado. Haga clic en su enlace, complete su registro, confirme su plan de pago preferido y \u00a1listo!<\/li><\/ol><p><em>Estudiantes que regresan:\u00a0<strong><a href=\"https:\/\/meritmusic.org\/es\/private-lessons\/#renew\" rel=\"noopener\">Aprenda c\u00f3mo renovar su paquete de lecciones privadas<\/a><\/strong> para el pr\u00f3ximo semestre.<\/em><\/p><\/div>\n\t\t\t\t\t<\/div><div class=\"eael-accordion-list\">\n\t\t\t\t\t<div id=\"i-forgot-my-registration-login-info\" class=\"elementor-tab-title eael-accordion-header\" tabindex=\"0\" data-tab=\"2\" aria-controls=\"elementor-tab-content-2092\"><span class=\"eael-advanced-accordion-icon-closed\"><i aria-hidden=\"true\" class=\"fa-accordion-icon fas fa-plus\"><\/i><\/span><span class=\"eael-advanced-accordion-icon-opened\"><i aria-hidden=\"true\" class=\"fa-accordion-icon fas fa-minus\"><\/i><\/span><h3 class=\"eael-accordion-tab-title\">Olvid\u00e9 mi informaci\u00f3n de inicio de sesi\u00f3n de registro.<\/h3><\/div><div id=\"elementor-tab-content-2092\" class=\"eael-accordion-content clearfix\" data-tab=\"2\" aria-labelledby=\"i-forgot-my-registration-login-info\"><p><strong><a href=\"https:\/\/app.amilia.com\/en\/Forgot\" target=\"_blank\" rel=\"noopener\">Restablecer su contrase\u00f1a.<\/a><\/strong><\/p><p>Si ha olvidado qu\u00e9 direcci\u00f3n de correo electr\u00f3nico us\u00f3 para registrar su cuenta, env\u00edenos un correo electr\u00f3nico a <a href=\"mailto:studentservices@meritmusic.org\"><strong>studentservices@meritmusic.org<\/strong><\/a>\u00a0por ayuda<\/p><\/div>\n\t\t\t\t\t<\/div><div class=\"eael-accordion-list\">\n\t\t\t\t\t<div id=\"is-there-a-registration-fee\" class=\"elementor-tab-title eael-accordion-header\" tabindex=\"0\" data-tab=\"3\" aria-controls=\"elementor-tab-content-2093\"><span class=\"eael-advanced-accordion-icon-closed\"><i aria-hidden=\"true\" class=\"fa-accordion-icon fas fa-plus\"><\/i><\/span><span class=\"eael-advanced-accordion-icon-opened\"><i aria-hidden=\"true\" class=\"fa-accordion-icon fas fa-minus\"><\/i><\/span><h3 class=\"eael-accordion-tab-title\">\u00bfHay una cuota de inscripci\u00f3n?<\/h3><\/div><div id=\"elementor-tab-content-2093\" class=\"eael-accordion-content clearfix\" data-tab=\"3\" aria-labelledby=\"is-there-a-registration-fee\"><p>S\u00ed, hay una tarifa de inscripci\u00f3n no reembolsable de $45 por estudiante que debe pagarse en su totalidad al momento de la inscripci\u00f3n.\u00a0<\/p><p><span class=\"OYPEnA text-decoration-none text-strikethrough-none\">Las inscripciones a clases grupales y la devoluci\u00f3n de inscripciones a lecciones privadas despu\u00e9s de la fecha l\u00edmite de inscripci\u00f3n incurrir\u00e1n en cargos por pago atrasado de $15. No hay cargos por pagos atrasados para las clases de Primera Infancia ni para los nuevos estudiantes de lecciones privadas.<\/span><\/p><p>El <em>Conservatorio Alice S. Pfaelzer<\/em> La tarifa de inscripci\u00f3n es de $250. Las tarifas de inscripci\u00f3n del conservatorio pueden ser elegibles para planes de pago. Sin embargo, no podemos prorratear estas tarifas para retiros anticipados.<\/p><p>Si Merit cancela un programa o una clase, se le reembolsar\u00e1 la totalidad de la tarifa de inscripci\u00f3n.<\/p><\/div>\n\t\t\t\t\t<\/div><div class=\"eael-accordion-list\">\n\t\t\t\t\t<div id=\"do-you-offer-financial-aid\" class=\"elementor-tab-title eael-accordion-header\" tabindex=\"0\" data-tab=\"4\" aria-controls=\"elementor-tab-content-2094\"><span class=\"eael-advanced-accordion-icon-closed\"><i aria-hidden=\"true\" class=\"fa-accordion-icon fas fa-plus\"><\/i><\/span><span class=\"eael-advanced-accordion-icon-opened\"><i aria-hidden=\"true\" class=\"fa-accordion-icon fas fa-minus\"><\/i><\/span><h3 class=\"eael-accordion-tab-title\">\u00bfOfrecen ayuda financiera?<\/h3><\/div><div id=\"elementor-tab-content-2094\" class=\"eael-accordion-content clearfix\" data-tab=\"4\" aria-labelledby=\"do-you-offer-financial-aid\"><p>Nos dedicamos a brindar acceso a la educaci\u00f3n musical mediante la concesi\u00f3n de ayuda financiera a familias elegibles. La ayuda se basa en una escala variable de hasta $80% de matr\u00edcula.<\/p><p>Tenga en cuenta que si bien Merit desea brindar la mayor ayuda posible, es un recurso limitado y se otorga por orden de llegada.<\/p><p>Para obtener m\u00e1s informaci\u00f3n y solicitar ayuda financiera, visite nuestro <strong><a href=\"https:\/\/meritmusic.org\/es\/student-resources\/#financial-aid\">P\u00e1gina de recursos para estudiantes y padres<\/a><\/strong>.\u00a0<\/p><\/div>\n\t\t\t\t\t<\/div><div class=\"eael-accordion-list\">\n\t\t\t\t\t<div id=\"how-do-i-rent-an-instrument\" class=\"elementor-tab-title eael-accordion-header\" tabindex=\"0\" data-tab=\"5\" aria-controls=\"elementor-tab-content-2095\"><span class=\"eael-advanced-accordion-icon-closed\"><i aria-hidden=\"true\" class=\"fa-accordion-icon fas fa-plus\"><\/i><\/span><span class=\"eael-advanced-accordion-icon-opened\"><i aria-hidden=\"true\" class=\"fa-accordion-icon fas fa-minus\"><\/i><\/span><h3 class=\"eael-accordion-tab-title\">\u00bfC\u00f3mo alquilo un instrumento?<\/h3><\/div><div id=\"elementor-tab-content-2095\" class=\"eael-accordion-content clearfix\" data-tab=\"5\" aria-labelledby=\"how-do-i-rent-an-instrument\"><p>Los estudiantes con m\u00e9ritos tienen la opci\u00f3n de alquilar instrumentos de alta calidad y bajo costo a trav\u00e9s de nuestra Biblioteca de M\u00fasica e Instrumentos.<\/p><p><a href=\"https:\/\/meritmusic.org\/es\/student-resources\/#rent-an-instrument\"><strong>Haga clic para obtener m\u00e1s informaci\u00f3n y completar una solicitud de alquiler. \u2192\u00a0<\/strong><\/a><\/p><\/div>\n\t\t\t\t\t<\/div><\/div>\t\t\t\t<\/div>\n\t\t\t\t<\/div>\n\t\t\t\t\t<\/div>\n\t\t<\/div>\n\t\t\t\t\t<\/div>\n\t\t<\/section>\n\t\t\t\t<section class=\"elementor-section elementor-top-section elementor-element elementor-element-0ebfa37 elementor-section-stretched elementor-section-boxed elementor-section-height-default elementor-section-height-default\" data-id=\"0ebfa37\" data-element_type=\"section\" data-e-type=\"section\" data-settings=\"{&quot;stretch_section&quot;:&quot;section-stretched&quot;,&quot;background_background&quot;:&quot;classic&quot;,&quot;shape_divider_top&quot;:&quot;waves&quot;,&quot;shape_divider_bottom&quot;:&quot;waves&quot;,&quot;shape_divider_bottom_negative&quot;:&quot;yes&quot;}\">\n\t\t\t\t\t<div class=\"elementor-shape elementor-shape-top\" aria-hidden=\"true\" data-negative=\"false\">\n\t\t\t<svg xmlns=\"http:\/\/www.w3.org\/2000\/svg\" viewbox=\"0 0 1000 100\" preserveaspectratio=\"none\">\n\t<path class=\"elementor-shape-fill\" d=\"M421.9,6.5c22.6-2.5,51.5,0.4,75.5,5.3c23.6,4.9,70.9,23.5,100.5,35.7c75.8,32.2,133.7,44.5,192.6,49.7\tc23.6,2.1,48.7,3.5,103.4-2.5c54.7-6,106.2-25.6,106.2-25.6V0H0v30.3c0,0,72,32.6,158.4,30.5c39.2-0.7,92.8-6.7,134-22.4\tc21.2-8.1,52.2-18.2,79.7-24.2C399.3,7.9,411.6,7.5,421.9,6.5z\"\/>\n<\/svg>\t\t<\/div>\n\t\t\t\t<div class=\"elementor-shape elementor-shape-bottom\" aria-hidden=\"true\" data-negative=\"true\">\n\t\t\t<svg xmlns=\"http:\/\/www.w3.org\/2000\/svg\" viewbox=\"0 0 1000 100\" preserveaspectratio=\"none\">\n\t<path class=\"elementor-shape-fill\" d=\"M790.5,93.1c-59.3-5.3-116.8-18-192.6-50c-29.6-12.7-76.9-31-100.5-35.9c-23.6-4.9-52.6-7.8-75.5-5.3\tc-10.2,1.1-22.6,1.4-50.1,7.4c-27.2,6.3-58.2,16.6-79.4,24.7c-41.3,15.9-94.9,21.9-134,22.6C72,58.2,0,25.8,0,25.8V100h1000V65.3\tc0,0-51.5,19.4-106.2,25.7C839.5,97,814.1,95.2,790.5,93.1z\"\/>\n<\/svg>\t\t<\/div>\n\t\t\t\t\t<div class=\"elementor-container elementor-column-gap-default\">\n\t\t\t\t\t<div class=\"elementor-column elementor-col-100 elementor-top-column elementor-element elementor-element-ec765a5\" data-id=\"ec765a5\" data-element_type=\"column\" data-e-type=\"column\">\n\t\t\t<div class=\"elementor-widget-wrap elementor-element-populated\">\n\t\t\t\t\t\t<div class=\"elementor-element elementor-element-7d29793 elementor-widget elementor-widget-heading\" data-id=\"7d29793\" data-element_type=\"widget\" data-e-type=\"widget\" data-widget_type=\"heading.default\">\n\t\t\t\t<div class=\"elementor-widget-container\">\n\t\t\t\t\t<h2 class=\"elementor-heading-title elementor-size-default\">Pago<\/h2>\t\t\t\t<\/div>\n\t\t\t\t<\/div>\n\t\t\t\t<div class=\"elementor-element elementor-element-d890489 elementor-widget elementor-widget-eael-adv-accordion\" data-id=\"d890489\" data-element_type=\"widget\" data-e-type=\"widget\" data-widget_type=\"eael-adv-accordion.default\">\n\t\t\t\t<div class=\"elementor-widget-container\">\n\t\t\t\t\t            <div class=\"eael-adv-accordion\" id=\"eael-adv-accordion-d890489\" data-scroll-on-click=\"no\" data-scroll-speed=\"300\" data-accordion-id=\"d890489\" data-accordion-type=\"accordion\" data-toogle-speed=\"300\">\n            <div class=\"eael-accordion-list\">\n\t\t\t\t\t<div id=\"how-do-i-pay\" class=\"elementor-tab-title eael-accordion-header\" tabindex=\"0\" data-tab=\"1\" aria-controls=\"elementor-tab-content-2271\"><span class=\"eael-advanced-accordion-icon-closed\"><i aria-hidden=\"true\" class=\"fa-accordion-icon fas fa-plus\"><\/i><\/span><span class=\"eael-advanced-accordion-icon-opened\"><i aria-hidden=\"true\" class=\"fa-accordion-icon fas fa-minus\"><\/i><\/span><h3 class=\"eael-accordion-tab-title\">\u00bfC\u00f3mo pago?<\/h3><\/div><div id=\"elementor-tab-content-2271\" class=\"eael-accordion-content clearfix\" data-tab=\"1\" aria-labelledby=\"how-do-i-pay\"><p><strong><a href=\"https:\/\/app.amilia.com\/en\/Login?ReturnUrl=https%3a%2f%2fapp.amilia.com%2fstore%2fen%2fmerit-school-of-music%2fshop%2fprograms?orgId=16841\" target=\"_blank\" rel=\"noopener\">\u00a1Haga clic para realizar un pago en l\u00ednea ahora!<\/a><\/strong><\/p><p class=\"cvGsUA direction-ltr align-start para-style-body\"><span class=\"OYPEnA font-feature-liga-off font-feature-clig-off font-feature-calt-off text-decoration-none text-strikethrough-none\">Merit acepta pagos con tarjeta de cr\u00e9dito a trav\u00e9s de MasterCard, Visa, Discover y American Express. Tambi\u00e9n ofrecemos pagos con cheque electr\u00f3nico, cheque o efectivo. Los pagos en efectivo deben realizarse en persona.<\/span><\/p><p>Tambi\u00e9n hay planes de pago y pagos autom\u00e1ticos disponibles. Consulta el men\u00fa desplegable de planes de pago\/pagos autom\u00e1ticos a continuaci\u00f3n para obtener m\u00e1s detalles.<\/p><\/div>\n\t\t\t\t\t<\/div><div class=\"eael-accordion-list\">\n\t\t\t\t\t<div id=\"when-are-payments-due\" class=\"elementor-tab-title eael-accordion-header\" tabindex=\"0\" data-tab=\"2\" aria-controls=\"elementor-tab-content-2272\"><span class=\"eael-advanced-accordion-icon-closed\"><i aria-hidden=\"true\" class=\"fa-accordion-icon fas fa-plus\"><\/i><\/span><span class=\"eael-advanced-accordion-icon-opened\"><i aria-hidden=\"true\" class=\"fa-accordion-icon fas fa-minus\"><\/i><\/span><h3 class=\"eael-accordion-tab-title\">\u00bfCu\u00e1ndo vencen los pagos?<\/h3><\/div><div id=\"elementor-tab-content-2272\" class=\"eael-accordion-content clearfix\" data-tab=\"2\" aria-labelledby=\"when-are-payments-due\"><p>Las tarifas de inscripci\u00f3n deben pagarse en su totalidad al momento de la inscripci\u00f3n.\u00a0<\/p><p><span class=\"OYPEnA text-decoration-none text-strikethrough-none\">Para el primer d\u00eda de programaci\u00f3n, se requiere el pago completo de la matr\u00edcula o la inscripci\u00f3n en pagos autom\u00e1ticos mensuales. Si desea explorar otras opciones de pago, hable con Servicios Estudiantiles para obtener m\u00e1s informaci\u00f3n.<\/span><\/p><p>La falta de pago dentro del cronograma de facturaci\u00f3n puede resultar en la interrupci\u00f3n del programa.<\/p><\/div>\n\t\t\t\t\t<\/div><div class=\"eael-accordion-list\">\n\t\t\t\t\t<div id=\"do-you-offer-payment-plans-and-auto-payments\" class=\"elementor-tab-title eael-accordion-header\" tabindex=\"0\" data-tab=\"3\" aria-controls=\"elementor-tab-content-2273\"><span class=\"eael-advanced-accordion-icon-closed\"><i aria-hidden=\"true\" class=\"fa-accordion-icon fas fa-plus\"><\/i><\/span><span class=\"eael-advanced-accordion-icon-opened\"><i aria-hidden=\"true\" class=\"fa-accordion-icon fas fa-minus\"><\/i><\/span><h3 class=\"eael-accordion-tab-title\">\u00bfOfrecen planes de pago y pagos autom\u00e1ticos?<\/h3><\/div><div id=\"elementor-tab-content-2273\" class=\"eael-accordion-content clearfix\" data-tab=\"3\" aria-labelledby=\"do-you-offer-payment-plans-and-auto-payments\"><p>\u00a1S\u00ed! Nos complace ofrecer planes de pago y pagos autom\u00e1ticos para clases y lecciones de m\u00fasica.<\/p><p>Al finalizar la compra durante su registro en l\u00ednea, tendr\u00e1 la opci\u00f3n de seleccionar un plan de cuotas para dividir los pagos de su matr\u00edcula. Si elige pagar a trav\u00e9s de un plan de pago, deber\u00e1 agregar una tarjeta de cr\u00e9dito a su cuenta. Esta tarjeta se cargar\u00e1 autom\u00e1ticamente en el calendario de pago seleccionado. Si desea ajustar el cronograma de pago, simplemente comun\u00edquese con Servicios Estudiantiles y podemos asignarle un cronograma que funcione mejor para usted.<\/p><p>Las familias son responsables de todas las cuotas de sus planes de pago, incluso si los estudiantes se retiran de la programaci\u00f3n antes de tiempo. No podemos prorratear las tasas de matr\u00edcula por retiros anticipados. La falta de pago de las tarifas del plan de pago podr\u00eda resultar en solicitudes adicionales de pagos, suspensi\u00f3n de servicios y remisi\u00f3n de cuentas a una agencia de cobro.<\/p><p>\u00bfNecesitas ayuda? Contactanos en <a href=\"mailto:studentservices@meritmusic.org\"><strong>studentservices@meritmusic.org<\/strong><\/a>.<\/p><\/div>\n\t\t\t\t\t<\/div><\/div>\t\t\t\t<\/div>\n\t\t\t\t<\/div>\n\t\t\t\t\t<\/div>\n\t\t<\/div>\n\t\t\t\t\t<\/div>\n\t\t<\/section>\n\t\t\t\t<section class=\"elementor-section elementor-top-section elementor-element elementor-element-9c65cc2 elementor-section-stretched elementor-section-boxed elementor-section-height-default elementor-section-height-default\" data-id=\"9c65cc2\" data-element_type=\"section\" data-e-type=\"section\" data-settings=\"{&quot;stretch_section&quot;:&quot;section-stretched&quot;}\">\n\t\t\t\t\t\t<div class=\"elementor-container elementor-column-gap-default\">\n\t\t\t\t\t<div class=\"elementor-column elementor-col-100 elementor-top-column elementor-element elementor-element-bd25e0e\" data-id=\"bd25e0e\" data-element_type=\"column\" data-e-type=\"column\">\n\t\t\t<div class=\"elementor-widget-wrap elementor-element-populated\">\n\t\t\t\t\t\t<div class=\"elementor-element elementor-element-b9b0f14 elementor-widget elementor-widget-menu-anchor\" data-id=\"b9b0f14\" data-element_type=\"widget\" data-e-type=\"widget\" data-widget_type=\"menu-anchor.default\">\n\t\t\t\t<div class=\"elementor-widget-container\">\n\t\t\t\t\t\t\t<div class=\"elementor-menu-anchor\" id=\"attendance\"><\/div>\n\t\t\t\t\t\t<\/div>\n\t\t\t\t<\/div>\n\t\t\t\t<div class=\"elementor-element elementor-element-94f39b6 elementor-widget elementor-widget-heading\" data-id=\"94f39b6\" data-element_type=\"widget\" data-e-type=\"widget\" data-widget_type=\"heading.default\">\n\t\t\t\t<div class=\"elementor-widget-container\">\n\t\t\t\t\t<h2 class=\"elementor-heading-title elementor-size-default\">Pol\u00edticas de Asistencia<\/h2>\t\t\t\t<\/div>\n\t\t\t\t<\/div>\n\t\t\t\t<div class=\"elementor-element elementor-element-cc4289c elementor-widget elementor-widget-eael-adv-accordion\" data-id=\"cc4289c\" data-element_type=\"widget\" data-e-type=\"widget\" data-widget_type=\"eael-adv-accordion.default\">\n\t\t\t\t<div class=\"elementor-widget-container\">\n\t\t\t\t\t            <div class=\"eael-adv-accordion\" id=\"eael-adv-accordion-cc4289c\" data-scroll-on-click=\"no\" data-scroll-speed=\"300\" data-accordion-id=\"cc4289c\" data-accordion-type=\"accordion\" data-toogle-speed=\"300\">\n            <div class=\"eael-accordion-list\">\n\t\t\t\t\t<div id=\"how-do-i-report-an-absence\" class=\"elementor-tab-title eael-accordion-header\" tabindex=\"0\" data-tab=\"1\" aria-controls=\"elementor-tab-content-2141\"><span class=\"eael-advanced-accordion-icon-closed\"><i aria-hidden=\"true\" class=\"fa-accordion-icon fas fa-plus\"><\/i><\/span><span class=\"eael-advanced-accordion-icon-opened\"><i aria-hidden=\"true\" class=\"fa-accordion-icon fas fa-minus\"><\/i><\/span><h3 class=\"eael-accordion-tab-title\">\u00bfC\u00f3mo reporto una ausencia?<\/h3><\/div><div id=\"elementor-tab-content-2141\" class=\"eael-accordion-content clearfix\" data-tab=\"1\" aria-labelledby=\"how-do-i-report-an-absence\"><p>Aseg\u00farate de informarle a tu maestro que no estar\u00e1s en clase completando el <a href=\"https:\/\/meritmusic.org\/es\/student-resources\/#absence\"><strong>formulario de ausencia<\/strong><\/a> que pertenece a su programa.<\/p><p>Por favor, mant\u00e9ngase en contacto con el administrador de su programa si tiene preguntas o inquietudes.<\/p><\/div>\n\t\t\t\t\t<\/div><div class=\"eael-accordion-list\">\n\t\t\t\t\t<div id=\"group-classes\" class=\"elementor-tab-title eael-accordion-header\" tabindex=\"0\" data-tab=\"2\" aria-controls=\"elementor-tab-content-2142\"><span class=\"eael-advanced-accordion-icon-closed\"><i aria-hidden=\"true\" class=\"fa-accordion-icon fas fa-plus\"><\/i><\/span><span class=\"eael-advanced-accordion-icon-opened\"><i aria-hidden=\"true\" class=\"fa-accordion-icon fas fa-minus\"><\/i><\/span><h3 class=\"eael-accordion-tab-title\">Clases Grupales<\/h3><\/div><div id=\"elementor-tab-content-2142\" class=\"eael-accordion-content clearfix\" data-tab=\"2\" aria-labelledby=\"group-classes\"><ul><li>Se espera asistencia a todas las clases grupales. No podemos programar clases de recuperaci\u00f3n o proporcionar cr\u00e9ditos por clases perdidas.<\/li><li>A los estudiantes se les permite hasta tres ausencias por semestre y se pueden tomar por cualquier motivo. H\u00e1ganos saber cu\u00e1ndo su hijo estar\u00e1 ausente completando nuestro formulario de ausencia.<\/li><li>Si su estudiante es marcado como \u201ctarde\u201d a clase tres veces, se considerar\u00e1 el equivalente a un d\u00eda de ausencia y se descontar\u00e1 de su asignaci\u00f3n de tres d\u00edas.<\/li><li>Si su estudiante se presentar\u00e1 en un concierto, la asistencia es obligatoria para el ensayo general y el concierto. Los estudiantes tambi\u00e9n deben asistir el primer d\u00eda de un nuevo semestre. No se permiten ausencias en ninguno de estos d\u00edas de asistencia obligatoria.<\/li><li>Merit podr\u00e1 despedir a cualquier estudiante de las clases grupales que tenga tres ausencias consecutivas sin notificaci\u00f3n; que ha excedido su asignaci\u00f3n de ausencia; qui\u00e9n llega tarde constantemente; o que no cumple con su calendario de pagos.<\/li><\/ul><\/div>\n\t\t\t\t\t<\/div><div class=\"eael-accordion-list\">\n\t\t\t\t\t<div id=\"private-lessons\" class=\"elementor-tab-title eael-accordion-header\" tabindex=\"0\" data-tab=\"3\" aria-controls=\"elementor-tab-content-2143\"><span class=\"eael-advanced-accordion-icon-closed\"><i aria-hidden=\"true\" class=\"fa-accordion-icon fas fa-plus\"><\/i><\/span><span class=\"eael-advanced-accordion-icon-opened\"><i aria-hidden=\"true\" class=\"fa-accordion-icon fas fa-minus\"><\/i><\/span><h3 class=\"eael-accordion-tab-title\">Lecciones privadas<\/h3><\/div><div id=\"elementor-tab-content-2143\" class=\"eael-accordion-content clearfix\" data-tab=\"3\" aria-labelledby=\"private-lessons\"><ul><li>Se espera que los estudiantes est\u00e9n presentes ya tiempo para todas las lecciones privadas. No hay ausencias justificadas para clases particulares.<\/li><li>Como cortes\u00eda, si un estudiante no puede asistir a una lecci\u00f3n programada, comun\u00edquese directamente con su instructor con al menos 24 horas de anticipaci\u00f3n.<\/li><li>Si el instructor cancela la lecci\u00f3n o llega tarde, el maestro es responsable de recuperar el tiempo de la lecci\u00f3n.<\/li><li>No podemos proporcionar reembolsos, cr\u00e9ditos o compensaciones por las lecciones perdidas por los estudiantes.<\/li><li>Merit puede despedir a cualquier estudiante de lecciones privadas con tres ausencias consecutivas sin notificaci\u00f3n; que tiene un patr\u00f3n de ausencias; qui\u00e9n llega tarde constantemente; o que no cumple con su calendario de pagos<\/li><\/ul><\/div>\n\t\t\t\t\t<\/div><div class=\"eael-accordion-list\">\n\t\t\t\t\t<div id=\"early-childhood\" class=\"elementor-tab-title eael-accordion-header\" tabindex=\"0\" data-tab=\"4\" aria-controls=\"elementor-tab-content-2144\"><span class=\"eael-advanced-accordion-icon-closed\"><i aria-hidden=\"true\" class=\"fa-accordion-icon fas fa-plus\"><\/i><\/span><span class=\"eael-advanced-accordion-icon-opened\"><i aria-hidden=\"true\" class=\"fa-accordion-icon fas fa-minus\"><\/i><\/span><h3 class=\"eael-accordion-tab-title\">NI\u00f1ez temprana<\/h3><\/div><div id=\"elementor-tab-content-2144\" class=\"eael-accordion-content clearfix\" data-tab=\"4\" aria-labelledby=\"early-childhood\"><p><strong>Clases perdidas<\/strong><\/p><ul><li>\u00bfNecesitas perderte una clase? Por favor env\u00ede un correo electr\u00f3nico <a href=\"https:\/\/meritmusic.org\/es\/frances-kennedy\/\"><strong>Sra. Frances<\/strong><\/a> con la mayor antelaci\u00f3n posible para hacerle saber la fecha de su ausencia y para programar una clase de recuperaci\u00f3n.<\/li><li>Cualquier estudiante que falte a tres clases consecutivas sin avisar a la administraci\u00f3n del programa de Primera Infancia puede ser eliminado de la lista de clases.<\/li><\/ul><p><strong>Clases de maquillaje<\/strong><\/p><ul><li>Se permiten un total de tres clases de recuperaci\u00f3n por semestre para que los estudiantes puedan vincularse y la cultura de la clase pueda crecer.<\/li><li>Para evitar el exceso de reservas de una clase en particular, no asista a una clase de recuperaci\u00f3n sin comunicarse primero con el administrador del programa de Primera Infancia.<\/li><li>Todas las clases de recuperaci\u00f3n deben completarse antes de la \u00faltima semana del semestre.<\/li><\/ul><p><strong>Maestros de la m\u00fasica 2 familias<\/strong><\/p><ul><li>Para mantenerse actualizado con el plan de estudios semana a semana, planifique sus clases de recuperaci\u00f3n para que se realicen dentro de la misma semana que la clase que desea perder.<\/li><\/ul><\/div>\n\t\t\t\t\t<\/div><div class=\"eael-accordion-list\">\n\t\t\t\t\t<div id=\"conservatory\" class=\"elementor-tab-title eael-accordion-header\" tabindex=\"0\" data-tab=\"5\" aria-controls=\"elementor-tab-content-2145\"><span class=\"eael-advanced-accordion-icon-closed\"><i aria-hidden=\"true\" class=\"fa-accordion-icon fas fa-plus\"><\/i><\/span><span class=\"eael-advanced-accordion-icon-opened\"><i aria-hidden=\"true\" class=\"fa-accordion-icon fas fa-minus\"><\/i><\/span><h3 class=\"eael-accordion-tab-title\">Conservatorio<\/h3><\/div><div id=\"elementor-tab-content-2145\" class=\"eael-accordion-content clearfix\" data-tab=\"5\" aria-labelledby=\"conservatory\"><ul><li>Se espera que los estudiantes est\u00e9n presentes ya tiempo en todas las actividades del Conservatorio.<\/li><li>Si es necesario, los estudiantes pueden tomar hasta cuatro ausencias por a\u00f1o. En el caso de ausencias planificadas, deber\u00e1 llenar un formulario de ausencia con al menos una semana de anticipaci\u00f3n.<\/li><li>Si su hijo tiene una emergencia y debe ausentarse inesperadamente, llame o env\u00ede un correo electr\u00f3nico a su gerente o director del programa para informarnos lo antes posible. A\u00fan se le pedir\u00e1 que complete un formulario de ausencia para la documentaci\u00f3n.<\/li><li>Una ausencia de cualquier clase del Conservatorio cuenta como un d\u00eda completo de ausencia.<\/li><li>Si un estudiante llega tarde a una clase en tres ocasiones separadas, eso resultar\u00e1 en una ausencia completa en su registro de asistencia.<\/li><li>Un estudiante no puede ausentarse en un d\u00eda de asistencia obligatoria (anotado en el calendario del Conservatorio).<\/li><li>A los estudiantes que no cumplan con los requisitos de asistencia del programa se les puede pedir que abandonen el Conservatorio. Esto puede afectar su elegibilidad para la concesi\u00f3n de ayuda financiera en el Programa de lecciones privadas de Merit.<\/li><\/ul><\/div>\n\t\t\t\t\t<\/div><\/div>\t\t\t\t<\/div>\n\t\t\t\t<\/div>\n\t\t\t\t\t<\/div>\n\t\t<\/div>\n\t\t\t\t\t<\/div>\n\t\t<\/section>\n\t\t\t\t<section class=\"elementor-section elementor-top-section elementor-element elementor-element-c4f93e0 elementor-section-stretched elementor-section-boxed elementor-section-height-default elementor-section-height-default\" data-id=\"c4f93e0\" data-element_type=\"section\" data-e-type=\"section\" data-settings=\"{&quot;stretch_section&quot;:&quot;section-stretched&quot;,&quot;background_background&quot;:&quot;classic&quot;,&quot;shape_divider_top&quot;:&quot;waves&quot;,&quot;shape_divider_bottom&quot;:&quot;waves&quot;,&quot;shape_divider_bottom_negative&quot;:&quot;yes&quot;}\">\n\t\t\t\t\t<div class=\"elementor-shape elementor-shape-top\" aria-hidden=\"true\" data-negative=\"false\">\n\t\t\t<svg xmlns=\"http:\/\/www.w3.org\/2000\/svg\" viewbox=\"0 0 1000 100\" preserveaspectratio=\"none\">\n\t<path class=\"elementor-shape-fill\" d=\"M421.9,6.5c22.6-2.5,51.5,0.4,75.5,5.3c23.6,4.9,70.9,23.5,100.5,35.7c75.8,32.2,133.7,44.5,192.6,49.7\tc23.6,2.1,48.7,3.5,103.4-2.5c54.7-6,106.2-25.6,106.2-25.6V0H0v30.3c0,0,72,32.6,158.4,30.5c39.2-0.7,92.8-6.7,134-22.4\tc21.2-8.1,52.2-18.2,79.7-24.2C399.3,7.9,411.6,7.5,421.9,6.5z\"\/>\n<\/svg>\t\t<\/div>\n\t\t\t\t<div class=\"elementor-shape elementor-shape-bottom\" aria-hidden=\"true\" data-negative=\"true\">\n\t\t\t<svg xmlns=\"http:\/\/www.w3.org\/2000\/svg\" viewbox=\"0 0 1000 100\" preserveaspectratio=\"none\">\n\t<path class=\"elementor-shape-fill\" d=\"M790.5,93.1c-59.3-5.3-116.8-18-192.6-50c-29.6-12.7-76.9-31-100.5-35.9c-23.6-4.9-52.6-7.8-75.5-5.3\tc-10.2,1.1-22.6,1.4-50.1,7.4c-27.2,6.3-58.2,16.6-79.4,24.7c-41.3,15.9-94.9,21.9-134,22.6C72,58.2,0,25.8,0,25.8V100h1000V65.3\tc0,0-51.5,19.4-106.2,25.7C839.5,97,814.1,95.2,790.5,93.1z\"\/>\n<\/svg>\t\t<\/div>\n\t\t\t\t\t<div class=\"elementor-container elementor-column-gap-default\">\n\t\t\t\t\t<div class=\"elementor-column elementor-col-100 elementor-top-column elementor-element elementor-element-52763f3\" data-id=\"52763f3\" data-element_type=\"column\" data-e-type=\"column\">\n\t\t\t<div class=\"elementor-widget-wrap elementor-element-populated\">\n\t\t\t\t\t\t<div class=\"elementor-element elementor-element-0475be1 elementor-widget elementor-widget-menu-anchor\" data-id=\"0475be1\" data-element_type=\"widget\" data-e-type=\"widget\" data-widget_type=\"menu-anchor.default\">\n\t\t\t\t<div class=\"elementor-widget-container\">\n\t\t\t\t\t\t\t<div class=\"elementor-menu-anchor\" id=\"changes\"><\/div>\n\t\t\t\t\t\t<\/div>\n\t\t\t\t<\/div>\n\t\t\t\t<div class=\"elementor-element elementor-element-f6c724c elementor-widget elementor-widget-heading\" data-id=\"f6c724c\" data-element_type=\"widget\" data-e-type=\"widget\" data-widget_type=\"heading.default\">\n\t\t\t\t<div class=\"elementor-widget-container\">\n\t\t\t\t\t<h2 class=\"elementor-heading-title elementor-size-default\">Realizar cambios en clases y lecciones<\/h2>\t\t\t\t<\/div>\n\t\t\t\t<\/div>\n\t\t\t\t<div class=\"elementor-element elementor-element-883b5e5 elementor-widget elementor-widget-eael-adv-accordion\" data-id=\"883b5e5\" data-element_type=\"widget\" data-e-type=\"widget\" data-widget_type=\"eael-adv-accordion.default\">\n\t\t\t\t<div class=\"elementor-widget-container\">\n\t\t\t\t\t            <div class=\"eael-adv-accordion\" id=\"eael-adv-accordion-883b5e5\" data-scroll-on-click=\"no\" data-scroll-speed=\"300\" data-accordion-id=\"883b5e5\" data-accordion-type=\"accordion\" data-toogle-speed=\"300\">\n            <div class=\"eael-accordion-list\">\n\t\t\t\t\t<div id=\"how-do-i-change-my-class-or-lesson-schedule\" class=\"elementor-tab-title eael-accordion-header\" tabindex=\"0\" data-tab=\"1\" aria-controls=\"elementor-tab-content-1421\"><span class=\"eael-advanced-accordion-icon-closed\"><i aria-hidden=\"true\" class=\"fa-accordion-icon fas fa-plus\"><\/i><\/span><span class=\"eael-advanced-accordion-icon-opened\"><i aria-hidden=\"true\" class=\"fa-accordion-icon fas fa-minus\"><\/i><\/span><h3 class=\"eael-accordion-tab-title\">\u00bfC\u00f3mo cambio mi clase o horario de lecciones?<\/h3><\/div><div id=\"elementor-tab-content-1421\" class=\"eael-accordion-content clearfix\" data-tab=\"1\" aria-labelledby=\"how-do-i-change-my-class-or-lesson-schedule\"><p><strong>Clases Grupales<\/strong><\/p><p>Alentamos a todas las familias a que se registren temprano para la clase grupal recomendada para asegurar su lugar y luego se comuniquen con el gerente o director del programa para consultar sobre los cambios de horario.<\/p><p>El director de su programa puede ayudarlo a determinar si hay disponibilidad durante otro horario de clase que funcione mejor para su horario o si su hijo debe ser colocado en una clase diferente debido al nivel de habilidad.<\/p><p><strong>Lecciones privadas<\/strong><\/p><p>Al registrarse para las lecciones privadas de Merit, tenga en cuenta que las inscripciones abarcan todo el a\u00f1o acad\u00e9mico: semestres de oto\u00f1o y primavera. Si es necesario, se pueden realizar cambios de d\u00eda, hora y duraci\u00f3n en su paquete de lecciones privadas en cualquier momento.<\/p><p>Si desea cambiar la duraci\u00f3n de su lecci\u00f3n, debe enviar esta solicitud por escrito al Departamento de Servicios Estudiantiles.<\/p><p>Las lecciones solo se pueden cancelar durante la ventana de dejar\/agregar entre semestres.<\/p><\/div>\n\t\t\t\t\t<\/div><div class=\"eael-accordion-list\">\n\t\t\t\t\t<div id=\"withdraw\" class=\"elementor-tab-title eael-accordion-header\" tabindex=\"0\" data-tab=\"2\" aria-controls=\"elementor-tab-content-1422\"><span class=\"eael-advanced-accordion-icon-closed\"><i aria-hidden=\"true\" class=\"fa-accordion-icon fas fa-plus\"><\/i><\/span><span class=\"eael-advanced-accordion-icon-opened\"><i aria-hidden=\"true\" class=\"fa-accordion-icon fas fa-minus\"><\/i><\/span><h3 class=\"eael-accordion-tab-title\">\u00bfC\u00f3mo me retiro de clases o lecciones?<\/h3><\/div><div id=\"elementor-tab-content-1422\" class=\"eael-accordion-content clearfix\" data-tab=\"2\" aria-labelledby=\"withdraw\"><p><strong>Clases Grupales<\/strong><\/p><p><span>Todas las solicitudes de retiro deben enviarse a trav\u00e9s de nuestro <a href=\"https:\/\/share.hsforms.com\/1W5vlNOFPT6Slo4RuqJWb1Ac40h3\" target=\"_blank\" rel=\"noopener\"><strong>Formulario de solicitud de baja<\/strong><\/a> Antes de que se considere retirado. Las solicitudes verbales de retiro no cumplen este requisito. Notificar al profesor no constituye una notificaci\u00f3n de retiro.<\/span><span>\u00a0<\/span><\/p><p><span>La fecha efectiva de retiro es la fecha en que el <a href=\"https:\/\/share.hsforms.com\/1W5vlNOFPT6Slo4RuqJWb1Ac40h3\" target=\"_blank\" rel=\"noopener\"><strong>forma de gota<\/strong><\/a> se presenta, no la \u00faltima fecha de la clase a la que asisti\u00f3.<\/span><span>\u00a0<\/span><\/p><p><span>Los estudiantes que reciben ayuda financiera o fondos de becas perder\u00e1n su premio al retirarse.<\/span><span>\u00a0<\/span><\/p><p><span>Lea sobre nuestras pol\u00edticas de reembolso en la secci\u00f3n de preguntas frecuentes \u201c\u00bfCu\u00e1l es su pol\u00edtica de reembolso?\u201d.<\/span><span>\u00a0<\/span><\/p><p><b><span>Lecciones privadas<\/span><\/b><span>\u00a0<\/span><\/p><p><span>Los estudiantes que deseen retirarse de las clases deben notificarlo tanto a su profesor particular como<\/span><a href=\"mailto:privatelessons@meritmusic.org\"><b><span>Servicios Estudiantiles<\/span><\/b><\/a><span>escrito.<\/span><span>\u00a0<\/span><\/p><p><span>Las familias que se apunten a las clases particulares pueden retirarse en cualquier momento. Se debe negociar una fecha final para la clase con el instructor de clases particulares y comunicarla al Departamento de Servicios para Estudiantes (<\/span><strong><a href=\"mailto:studentservices@meritmusic.org\">studentservices@meritmusic.org<\/a><\/strong><span><strong>)<\/strong> como parte del correo electr\u00f3nico de notificaci\u00f3n de ca\u00edda. <\/span><b><span>Tu instructor de lecciones privadas debe estar en copia en tu solicitud de baja.<\/span><\/b><span>\u00a0<\/span><\/p><p><span>Los estudiantes que reciben ayuda financiera o fondos de becas perder\u00e1n su premio al retirarse.<\/span><span>\u00a0<\/span><\/p><p><span>Lea sobre nuestras pol\u00edticas de reembolso en la secci\u00f3n de preguntas frecuentes \u201c\u00bfCu\u00e1l es su pol\u00edtica de reembolso?\u201d.<\/span><span>\u00a0<\/span><\/p><\/div>\n\t\t\t\t\t<\/div><div class=\"eael-accordion-list\">\n\t\t\t\t\t<div id=\"what-is-your-refundcancellation-policy\" class=\"elementor-tab-title eael-accordion-header\" tabindex=\"0\" data-tab=\"3\" aria-controls=\"elementor-tab-content-1423\"><span class=\"eael-advanced-accordion-icon-closed\"><i aria-hidden=\"true\" class=\"fa-accordion-icon fas fa-plus\"><\/i><\/span><span class=\"eael-advanced-accordion-icon-opened\"><i aria-hidden=\"true\" class=\"fa-accordion-icon fas fa-minus\"><\/i><\/span><h3 class=\"eael-accordion-tab-title\">\u00bfCu\u00e1l es su pol\u00edtica de reembolso\/cancelaci\u00f3n?<\/h3><\/div><div id=\"elementor-tab-content-1423\" class=\"eael-accordion-content clearfix\" data-tab=\"3\" aria-labelledby=\"what-is-your-refundcancellation-policy\"><p><b><span>Clases grupales y campamentos\/talleres de verano<\/span><\/b><span>\u202f<\/span><span>\u00a0<\/span><\/p><ul><li><span>Los estudiantes que se retiren m\u00e1s de dos d\u00edas (48 horas) antes del primer d\u00eda de una clase grupal o campamento recibir\u00e1n un reembolso completo de la matr\u00edcula, menos la tarifa de inscripci\u00f3n.<\/span><span>\u00a0<\/span><\/li><li><span>Las familias inscritas que se retiren dentro de las primeras tres instancias de clases grupales recibir\u00e1n un reembolso prorrateado, menos la tarifa de inscripci\u00f3n.<\/span><span>\u00a0<\/span><\/li><li><span>Las familias inscritas que se retiren dentro de las primeras cuatro instancias de clases grupales recibir\u00e1n un reembolso de 50%, menos la tarifa de inscripci\u00f3n.<\/span><span>\u00a0<\/span><\/li><li><span>Las familias inscritas que se retiren despu\u00e9s de cinco o m\u00e1s instancias de clases grupales no ser\u00e1n elegibles para un reembolso. <\/span><b><span>Las familias son responsables de pagar el saldo total del curso.<\/span><\/b><span> \u202f<\/span><span>\u00a0<\/span><\/li><li><span>Las familias que se retiran de clases cuyo programa dura seis semanas o menos (es decir, campamentos de verano) <\/span><b><span>no<\/span><\/b><span> elegible para un reembolso despu\u00e9s de la fecha de inicio. <\/span><b><span>Las familias son responsables de pagar el saldo total del curso.<\/span><\/b><span> \u202f<\/span><span>\u00a0<\/span><\/li><li><span>Las tarifas de inscripci\u00f3n no son reembolsables. Cualquier plan de pago debe completarse dentro del mes siguiente a la finalizaci\u00f3n de la sesi\u00f3n actual.<\/span><span>\u00a0<\/span><\/li><li><span>Por favor, espere de tres a cuatro semanas para el procesamiento de cualquier reembolso, a partir de la fecha en que se envi\u00f3 su solicitud por escrito para el retiro de la clase.<\/span><span>\u00a0<\/span><\/li><\/ul><p><span>Inf\u00f3rmese sobre nuestros procedimientos de retiro en la secci\u00f3n de preguntas frecuentes \u201c\u00bfC\u00f3mo me retiro de clases o lecciones?\u201d.<\/span><span>\u00a0<\/span><\/p><p><b><span>Lecciones privadas<\/span><\/b><span>\u202f<\/span><span>\u00a0<\/span><\/p><ul><li><span>Se espera la asistencia a todas las lecciones programadas.<\/span><span>\u00a0<\/span><\/li><li><span>No podemos proporcionar reembolsos, cr\u00e9ditos o recuperaciones por lecciones perdidas por los estudiantes, independientemente de la notificaci\u00f3n.<\/span><span>\u00a0<\/span><\/li><li><span>Si su profesor cancela una lecci\u00f3n, trabajar\u00e1 con usted para reprogramarla.<\/span><span>\u00a0<\/span><\/li><li><span>En caso de baja, las familias son responsables de toda la matr\u00edcula hasta la \u00faltima lecci\u00f3n privada incluida. La matr\u00edcula restante se prorratear\u00e1 en funci\u00f3n de una fecha de baja determinada mutuamente entre usted y su instructor.<\/span><span>\u00a0<\/span><\/li><li><span>Las tarifas de inscripci\u00f3n no son reembolsables. Cualquier plan de pago debe completarse dentro del mes siguiente a la finalizaci\u00f3n de la sesi\u00f3n actual.<\/span><span>\u00a0<\/span><\/li><li><span>Por favor, espere de tres a cuatro semanas para el procesamiento de cualquier reembolso, a partir de la fecha en que se envi\u00f3 la notificaci\u00f3n por escrito a su instructor y <\/span><strong><a href=\"mailto:studentservices@meritmusic.org\">studentservices@meritmusic.org<\/a><\/strong><span> para retiro de clases particulares.<\/span><span>\u00a0<\/span><\/li><\/ul><p><span>Inf\u00f3rmese sobre nuestros procedimientos de retiro en la secci\u00f3n de preguntas frecuentes \u201c\u00bfC\u00f3mo me retiro de clases o lecciones?\u201d.<\/span><\/p><p><b><span>NI\u00f1ez temprana<\/span><\/b><span>\u202f<\/span><span>\u00a0<\/span><\/p><ul><li><span>Las familias que se retiren antes de la fecha y hora de su primera clase programada son elegibles para un reembolso total de la matr\u00edcula menos su dep\u00f3sito de $40.<\/span><span>\u00a0<\/span><\/li><li><span>Las familias que se retiren dentro de las primeras tres semanas de la fecha y hora de su primera clase programada tienen derecho a un reembolso prorrateado menos su dep\u00f3sito de $40. No se ofrecen reembolsos completos despu\u00e9s del inicio del semestre.<\/span><span>\u00a0<\/span><\/li><li><span>Las familias que se retiren despu\u00e9s de las primeras tres semanas de la fecha\/hora de su primera clase programada no son elegibles para un reembolso. <\/span><b><span>Las familias son responsables de pagar el saldo total del curso si se retiran despu\u00e9s de las tres semanas.<\/span><\/b><span>\u202f<\/span><span>\u00a0<\/span><\/li><li><span>La matr\u00edcula del pase de clase debe abonarse en su totalidad al momento de la inscripci\u00f3n. Los pases de clase no son reembolsables.<\/span><span>\u00a0<\/span><\/li><\/ul><p><b><span>Cancelaciones<\/span><\/b><span>\u202f<\/span><span>\u00a0<\/span><\/p><p><span>Si bien esto es inusual, las clases grupales, las clases de educaci\u00f3n infantil y los campamentos\/talleres de verano pueden cancelarse debido a una cantidad insuficiente de inscriptos. Si esto ocurre, la escuela har\u00e1 todo lo posible para reprogramar al estudiante para otra clase de su nivel. Si esto no es posible, recibir\u00e1 un reembolso completo, incluidos los costos de matr\u00edcula y de inscripci\u00f3n.<\/span><span>\u00a0<\/span><\/p><\/div>\n\t\t\t\t\t<\/div><\/div>\t\t\t\t<\/div>\n\t\t\t\t<\/div>\n\t\t\t\t\t<\/div>\n\t\t<\/div>\n\t\t\t\t\t<\/div>\n\t\t<\/section>\n\t\t\t\t<section class=\"elementor-section elementor-top-section elementor-element elementor-element-1e8d99d elementor-section-stretched elementor-section-boxed elementor-section-height-default elementor-section-height-default\" data-id=\"1e8d99d\" data-element_type=\"section\" data-e-type=\"section\" data-settings=\"{&quot;stretch_section&quot;:&quot;section-stretched&quot;}\">\n\t\t\t\t\t\t<div class=\"elementor-container elementor-column-gap-default\">\n\t\t\t\t\t<div class=\"elementor-column elementor-col-100 elementor-top-column elementor-element elementor-element-ec9f9d1\" data-id=\"ec9f9d1\" data-element_type=\"column\" data-e-type=\"column\">\n\t\t\t<div class=\"elementor-widget-wrap elementor-element-populated\">\n\t\t\t\t\t\t<div class=\"elementor-element elementor-element-b2f7f88 elementor-widget elementor-widget-heading\" data-id=\"b2f7f88\" data-element_type=\"widget\" data-e-type=\"widget\" data-widget_type=\"heading.default\">\n\t\t\t\t<div class=\"elementor-widget-container\">\n\t\t\t\t\t<h2 class=\"elementor-heading-title elementor-size-default\">Seguridad<\/h2>\t\t\t\t<\/div>\n\t\t\t\t<\/div>\n\t\t\t\t<div class=\"elementor-element elementor-element-419ac23 elementor-widget elementor-widget-eael-adv-accordion\" data-id=\"419ac23\" data-element_type=\"widget\" data-e-type=\"widget\" data-widget_type=\"eael-adv-accordion.default\">\n\t\t\t\t<div class=\"elementor-widget-container\">\n\t\t\t\t\t            <div class=\"eael-adv-accordion\" id=\"eael-adv-accordion-419ac23\" data-scroll-on-click=\"no\" data-scroll-speed=\"300\" data-accordion-id=\"419ac23\" data-accordion-type=\"accordion\" data-toogle-speed=\"300\">\n            <div class=\"eael-accordion-list\">\n\t\t\t\t\t<div id=\"what-is-your-covid-19-policy\" class=\"elementor-tab-title eael-accordion-header\" tabindex=\"0\" data-tab=\"1\" aria-controls=\"elementor-tab-content-6871\"><span class=\"eael-advanced-accordion-icon-closed\"><i aria-hidden=\"true\" class=\"fa-accordion-icon fas fa-plus\"><\/i><\/span><span class=\"eael-advanced-accordion-icon-opened\"><i aria-hidden=\"true\" class=\"fa-accordion-icon fas fa-minus\"><\/i><\/span><h3 class=\"eael-accordion-tab-title\">\u00bfCu\u00e1l es su pol\u00edtica de COVID-19?<\/h3><\/div><div id=\"elementor-tab-content-6871\" class=\"eael-accordion-content clearfix\" data-tab=\"1\" aria-labelledby=\"what-is-your-covid-19-policy\"><p>En Merit, su salud y seguridad son nuestra prioridad.<\/p><p>Si bien ya no se requieren m\u00e1scaras ni prueba de vacunaci\u00f3n, estamos comprometidos a continuar manteniendo nuestro edificio seguro y limpio.<\/p><p>Nuestro sistema HVAC mejorado aumenta la circulaci\u00f3n de aire en todo el edificio e introduce m\u00e1s aire fresco del exterior. Adem\u00e1s, se ofrecen estaciones de desinfecci\u00f3n de manos en todo nuestro centro de m\u00fasica.<\/p><p>Tenga en cuenta: el equipo de seguridad de Merit para la COVID continuar\u00e1 monitoreando las condiciones y podr\u00eda tomar la decisi\u00f3n de volver a medidas de mitigaci\u00f3n de la COVID m\u00e1s conservadoras cuando se considere necesario.<\/p><\/div>\n\t\t\t\t\t<\/div><div class=\"eael-accordion-list\">\n\t\t\t\t\t<div id=\"how-will-i-know-if-my-class-is-cancelled-due-to-inclement-weather-or-emergency-situations\" class=\"elementor-tab-title eael-accordion-header\" tabindex=\"0\" data-tab=\"2\" aria-controls=\"elementor-tab-content-6872\"><span class=\"eael-advanced-accordion-icon-closed\"><i aria-hidden=\"true\" class=\"fa-accordion-icon fas fa-plus\"><\/i><\/span><span class=\"eael-advanced-accordion-icon-opened\"><i aria-hidden=\"true\" class=\"fa-accordion-icon fas fa-minus\"><\/i><\/span><h3 class=\"eael-accordion-tab-title\">\u00bfC\u00f3mo sabr\u00e9 si mi clase se cancela debido a las inclemencias del tiempo o situaciones de emergencia?<\/h3><\/div><div id=\"elementor-tab-content-6872\" class=\"eael-accordion-content clearfix\" data-tab=\"2\" aria-labelledby=\"how-will-i-know-if-my-class-is-cancelled-due-to-inclement-weather-or-emergency-situations\"><p>La seguridad de los estudiantes, profesores y todos los visitantes del Centro de M\u00fasica Joy Faith Knapp es de suma importancia para la Escuela de M\u00fasica Merit.<\/p><p>En casos de mal tiempo o situaciones de emergencia, Merit monitorear\u00e1 activamente la situaci\u00f3n y lo mantendr\u00e1 actualizado sobre el estado de las clases a trav\u00e9s del correo electr\u00f3nico en su cuenta de Merit. En situaciones urgentes, tambi\u00e9n podemos enviar mensajes de texto o llamar al n\u00famero de tel\u00e9fono registrado.<\/p><p>Tambi\u00e9n puedes comprobar <a href=\"https:\/\/meritmusic.org\/es\/\"><strong>www.meritmusic.org<\/strong><\/a> o <a href=\"http:\/\/www.emergencyclosingcenter.com\" target=\"_blank\" rel=\"noopener\"><strong>www.emergencyclosingcenter.com<\/strong><\/a> para actualizaciones en cualquier momento.<\/p><p>Utilice siempre su discreci\u00f3n si personalmente cree que su viaje al trabajo no es seguro e informe cualquier ausencia a su maestro y\/o gerente\/director del programa lo antes posible completando un formulario. <strong><a href=\"https:\/\/meritmusic.org\/es\/student-resources\/#absence\">formulario de ausencia<\/a><\/strong>.<\/p><p>Para garantizar que podamos comunicarnos con usted en situaciones de emergencia, aseg\u00farese siempre de que su informaci\u00f3n de contacto est\u00e9 actualizada en <a href=\"https:\/\/app.amilia.com\/en\/Login?ReturnUrl=https%3a%2f%2fapp.amilia.com%2fstore%2fen%2fmerit-school-of-music%2fshop%2fprograms?orgId=16841\" target=\"_blank\" rel=\"noopener\"><strong>su cuenta de m\u00e9rito<\/strong><\/a>.<\/p><\/div>\n\t\t\t\t\t<\/div><\/div>\t\t\t\t<\/div>\n\t\t\t\t<\/div>\n\t\t\t\t\t<\/div>\n\t\t<\/div>\n\t\t\t\t\t<\/div>\n\t\t<\/section>\n\t\t\t\t<section class=\"elementor-section elementor-top-section elementor-element elementor-element-fc2d42e elementor-section-stretched elementor-section-boxed elementor-section-height-default elementor-section-height-default\" data-id=\"fc2d42e\" data-element_type=\"section\" data-e-type=\"section\" data-settings=\"{&quot;stretch_section&quot;:&quot;section-stretched&quot;,&quot;background_background&quot;:&quot;classic&quot;,&quot;shape_divider_top&quot;:&quot;waves&quot;,&quot;shape_divider_bottom&quot;:&quot;waves&quot;,&quot;shape_divider_bottom_negative&quot;:&quot;yes&quot;}\">\n\t\t\t\t\t<div class=\"elementor-shape elementor-shape-top\" aria-hidden=\"true\" data-negative=\"false\">\n\t\t\t<svg xmlns=\"http:\/\/www.w3.org\/2000\/svg\" viewbox=\"0 0 1000 100\" preserveaspectratio=\"none\">\n\t<path class=\"elementor-shape-fill\" d=\"M421.9,6.5c22.6-2.5,51.5,0.4,75.5,5.3c23.6,4.9,70.9,23.5,100.5,35.7c75.8,32.2,133.7,44.5,192.6,49.7\tc23.6,2.1,48.7,3.5,103.4-2.5c54.7-6,106.2-25.6,106.2-25.6V0H0v30.3c0,0,72,32.6,158.4,30.5c39.2-0.7,92.8-6.7,134-22.4\tc21.2-8.1,52.2-18.2,79.7-24.2C399.3,7.9,411.6,7.5,421.9,6.5z\"\/>\n<\/svg>\t\t<\/div>\n\t\t\t\t<div class=\"elementor-shape elementor-shape-bottom\" aria-hidden=\"true\" data-negative=\"true\">\n\t\t\t<svg xmlns=\"http:\/\/www.w3.org\/2000\/svg\" viewbox=\"0 0 1000 100\" preserveaspectratio=\"none\">\n\t<path class=\"elementor-shape-fill\" d=\"M790.5,93.1c-59.3-5.3-116.8-18-192.6-50c-29.6-12.7-76.9-31-100.5-35.9c-23.6-4.9-52.6-7.8-75.5-5.3\tc-10.2,1.1-22.6,1.4-50.1,7.4c-27.2,6.3-58.2,16.6-79.4,24.7c-41.3,15.9-94.9,21.9-134,22.6C72,58.2,0,25.8,0,25.8V100h1000V65.3\tc0,0-51.5,19.4-106.2,25.7C839.5,97,814.1,95.2,790.5,93.1z\"\/>\n<\/svg>\t\t<\/div>\n\t\t\t\t\t<div class=\"elementor-container elementor-column-gap-default\">\n\t\t\t\t\t<div class=\"elementor-column elementor-col-100 elementor-top-column elementor-element elementor-element-31c3a2c\" data-id=\"31c3a2c\" data-element_type=\"column\" data-e-type=\"column\">\n\t\t\t<div class=\"elementor-widget-wrap elementor-element-populated\">\n\t\t\t\t\t\t<div class=\"elementor-element elementor-element-5c9ddb2 elementor-widget elementor-widget-heading\" data-id=\"5c9ddb2\" data-element_type=\"widget\" data-e-type=\"widget\" data-widget_type=\"heading.default\">\n\t\t\t\t<div class=\"elementor-widget-container\">\n\t\t\t\t\t<h2 class=\"elementor-heading-title elementor-size-default\">Otro<\/h2>\t\t\t\t<\/div>\n\t\t\t\t<\/div>\n\t\t\t\t<div class=\"elementor-element elementor-element-c41ea35 elementor-widget elementor-widget-eael-adv-accordion\" data-id=\"c41ea35\" data-element_type=\"widget\" data-e-type=\"widget\" data-widget_type=\"eael-adv-accordion.default\">\n\t\t\t\t<div class=\"elementor-widget-container\">\n\t\t\t\t\t            <div class=\"eael-adv-accordion\" id=\"eael-adv-accordion-c41ea35\" data-scroll-on-click=\"no\" data-scroll-speed=\"300\" data-accordion-id=\"c41ea35\" data-accordion-type=\"accordion\" data-toogle-speed=\"300\">\n            <div class=\"eael-accordion-list\">\n\t\t\t\t\t<div id=\"how-do-i-report-a-concern-or-issue\" class=\"elementor-tab-title eael-accordion-header\" tabindex=\"0\" data-tab=\"1\" aria-controls=\"elementor-tab-content-2051\"><span class=\"eael-advanced-accordion-icon-closed\"><i aria-hidden=\"true\" class=\"fa-accordion-icon fas fa-plus\"><\/i><\/span><span class=\"eael-advanced-accordion-icon-opened\"><i aria-hidden=\"true\" class=\"fa-accordion-icon fas fa-minus\"><\/i><\/span><h3 class=\"eael-accordion-tab-title\">\u00bfC\u00f3mo informo una inquietud o problema?<\/h3><\/div><div id=\"elementor-tab-content-2051\" class=\"eael-accordion-content clearfix\" data-tab=\"1\" aria-labelledby=\"how-do-i-report-a-concern-or-issue\"><p>\u00bfTiene otra inquietud o problema no descrito anteriormente? \u00a1Estamos aqu\u00ed para escuchar!<\/p><p>Complete el siguiente formulario, seleccione la opci\u00f3n &quot;Reportar una inquietud o problema&quot; y deje los detalles en el cuadro de comentarios. Haremos que el miembro del personal apropiado se comunique con usted de inmediato.<\/p><p>\t\t<div data-elementor-type=\"section\" data-elementor-id=\"41463\" class=\"elementor elementor-41463\" data-elementor-post-type=\"elementor_library\">\n\t\t\t\t\t<section class=\"elementor-section elementor-top-section elementor-element elementor-element-a0812c8 elementor-section-boxed elementor-section-height-default elementor-section-height-default\" data-id=\"a0812c8\" data-element_type=\"section\" data-e-type=\"section\">\n\t\t\t\t\t\t<div class=\"elementor-container elementor-column-gap-default\">\n\t\t\t\t\t<div class=\"elementor-column elementor-col-100 elementor-top-column elementor-element elementor-element-f05a5aa\" data-id=\"f05a5aa\" data-element_type=\"column\" data-e-type=\"column\">\n\t\t\t<div class=\"elementor-widget-wrap elementor-element-populated\">\n\t\t\t\t\t\t<div class=\"elementor-element elementor-element-2367634 elementor-widget elementor-widget-hubspot-form\" data-id=\"2367634\" data-element_type=\"widget\" data-e-type=\"widget\" data-widget_type=\"hubspot-form.default\">\n\t\t\t\t<div class=\"elementor-widget-container\">\n\t\t\t\t\t\n\t\t\t\t\t\t<script>\n\t\t\t\t\t\t\twindow.hsFormsOnReady = window.hsFormsOnReady || [];\n\t\t\t\t\t\t\twindow.hsFormsOnReady.push(()=>{\n\t\t\t\t\t\t\t\thbspt.forms.create({\n\t\t\t\t\t\t\t\t\tportalId: 20342631,\n\t\t\t\t\t\t\t\t\tformId: \"aa8d3f50-b017-49a2-a145-0f3c973b3c81\",\n\t\t\t\t\t\t\t\t\ttarget: \"#hbspt-form-1777479767000-4542337551\",\n\t\t\t\t\t\t\t\t\tregion: \"na1\",\n\t\t\t\t\t\t\t\t\t\n\t\t\t\t\t\t\t})});\n\t\t\t\t\t\t<\/script>\n\t\t\t\t\t\t<div class=\"hbspt-form\" id=\"hbspt-form-1777479767000-4542337551\"><\/div>\t\t\t\t<\/div>\n\t\t\t\t<\/div>\n\t\t\t\t\t<\/div>\n\t\t<\/div>\n\t\t\t\t\t<\/div>\n\t\t<\/section>\n\t\t\t\t<\/div>\n\t\t<\/p><\/div>\n\t\t\t\t\t<\/div><div class=\"eael-accordion-list\">\n\t\t\t\t\t<div id=\"how-do-i-make-a-donation\" class=\"elementor-tab-title eael-accordion-header\" tabindex=\"0\" data-tab=\"2\" aria-controls=\"elementor-tab-content-2052\"><span class=\"eael-advanced-accordion-icon-closed\"><i aria-hidden=\"true\" class=\"fa-accordion-icon fas fa-plus\"><\/i><\/span><span class=\"eael-advanced-accordion-icon-opened\"><i aria-hidden=\"true\" class=\"fa-accordion-icon fas fa-minus\"><\/i><\/span><h3 class=\"eael-accordion-tab-title\">\u00bfC\u00f3mo hago una donaci\u00f3n?<\/h3><\/div><div id=\"elementor-tab-content-2052\" class=\"eael-accordion-content clearfix\" data-tab=\"2\" aria-labelledby=\"how-do-i-make-a-donation\"><p><span class=\"ui-provider ee bbv bbw bbx bby bbz bca bcb bcc bcd bce bcf bcg bch bci bcj bck bcl bcm bcn bco bcp bcq bcr bcs bct bcu bcv bcw bcx bcy bcz bda bdb bdc\">\u00a1Apoyar a los estudiantes de Merit es f\u00e1cil! <strong><a href=\"https:\/\/meritmusic.org\/es\/donate\/\">Haga clic aqu\u00ed para hacer una donaci\u00f3n en l\u00ednea. <\/a><\/strong>Para obtener m\u00e1s informaci\u00f3n, comun\u00edquese con <a class=\"fui-Link ___10kug0w f3rmtva f1ewtqcl fyind8e f1k6fduh f1w7gpdv fk6fouc fjoy568 figsok6 f1hu3pq6 f11qmguv f19f4twv f1tyq0we f1g0x7ka fhxju0i f1qch9an f1cnd47f fqv5qza f1vmzxwi f1o700av f13mvf36 f1cmlufx f9n3di6 f1ids18y f1tx3yz7 f1deo86v f1eh06m1 f1iescvh fhgqx19 f1olyrje f1p93eir f1nev41a f1h8hb77 f1lqvz6u f10aw75t fsle3fq f17ae5zn\" title=\"mailto:development@meritmusic.org\" href=\"mailto:development@meritmusic.org\" target=\"_blank\" rel=\"noreferrer noopener\"><strong>development@meritmusic.org<\/strong><\/a> o llame al 312-267-4487.<\/span><\/p><p>Para enviar una donaci\u00f3n por correo, dir\u00edjase a:<\/p><p>Escuela de M\u00fasica al M\u00e9rito<br \/>Atenci\u00f3n: Departamento de Desarrollo<br \/>38 S Peoria St<br \/>Chicago, IL 60607<\/p><p>Por favor haga los cheques a nombre de Merit School of Music.\u00a0<\/p><\/div>\n\t\t\t\t\t<\/div><\/div>\t\t\t\t<\/div>\n\t\t\t\t<\/div>\n\t\t\t\t\t<\/div>\n\t\t<\/div>\n\t\t\t\t\t<\/div>\n\t\t<\/section>\n\t\t\t\t<section class=\"elementor-section elementor-top-section elementor-element elementor-element-7ffd1c6 elementor-section-stretched elementor-section-boxed elementor-section-height-default elementor-section-height-default\" data-id=\"7ffd1c6\" data-element_type=\"section\" data-e-type=\"section\" data-settings=\"{&quot;stretch_section&quot;:&quot;section-stretched&quot;}\">\n\t\t\t\t\t\t<div class=\"elementor-container elementor-column-gap-default\">\n\t\t\t\t\t<div class=\"elementor-column elementor-col-100 elementor-top-column elementor-element elementor-element-6c7825b\" data-id=\"6c7825b\" data-element_type=\"column\" data-e-type=\"column\">\n\t\t\t<div class=\"elementor-widget-wrap elementor-element-populated\">\n\t\t\t\t\t\t<div class=\"elementor-element elementor-element-9c87e7d elementor-widget elementor-widget-heading\" data-id=\"9c87e7d\" data-element_type=\"widget\" data-e-type=\"widget\" data-widget_type=\"heading.default\">\n\t\t\t\t<div class=\"elementor-widget-container\">\n\t\t\t\t\t<h3 class=\"elementor-heading-title elementor-size-default\">\u00bfA\u00fan tienes preguntas? \u00bfO necesita ayuda?<\/h3>\t\t\t\t<\/div>\n\t\t\t\t<\/div>\n\t\t\t\t<div class=\"elementor-element elementor-element-103da4e elementor-widget elementor-widget-text-editor\" data-id=\"103da4e\" data-element_type=\"widget\" data-e-type=\"widget\" data-widget_type=\"text-editor.default\">\n\t\t\t\t<div class=\"elementor-widget-container\">\n\t\t\t\t\t\t\t\t\t<p style=\"text-align: center;\">Echa un vistazo a nuestro <a href=\"https:\/\/meritmusic.org\/es\/student-resources\/\"><strong>P\u00e1gina de recursos para estudiantes y padres<\/strong><\/a> o <a href=\"https:\/\/meritmusic.org\/es\/contact-us\/\"><strong>Cont\u00e1ctenos<\/strong><\/a>!<\/p>\t\t\t\t\t\t\t\t<\/div>\n\t\t\t\t<\/div>\n\t\t\t\t\t<\/div>\n\t\t<\/div>\n\t\t\t\t\t<\/div>\n\t\t<\/section>\n\t\t\t\t<\/div>","protected":false},"excerpt":{"rendered":"<p>Frequently Asked Questions Quick Answers to Common Questions Registration How do I register? Group Classes Optional step: Apply for financial aid (Financial aid applications must be submitted before registering for [&hellip;]<\/p>\n","protected":false},"author":12,"featured_media":39886,"parent":0,"menu_order":0,"comment_status":"closed","ping_status":"closed","template":"elementor_header_footer","meta":{"_acf_changed":false,"content-type":"","site-sidebar-layout":"default","site-content-layout":"","ast-site-content-layout":"default","site-content-style":"default","site-sidebar-style":"default","ast-global-header-display":"","ast-banner-title-visibility":"","ast-main-header-display":"","ast-hfb-above-header-display":"","ast-hfb-below-header-display":"","ast-hfb-mobile-header-display":"","site-post-title":"","ast-breadcrumbs-content":"","ast-featured-img":"","footer-sml-layout":"","ast-disable-related-posts":"","theme-transparent-header-meta":"","adv-header-id-meta":"","stick-header-meta":"","header-above-stick-meta":"","header-main-stick-meta":"","header-below-stick-meta":"","astra-migrate-meta-layouts":"default","ast-page-background-enabled":"default","ast-page-background-meta":{"desktop":{"background-color":"var(--ast-global-color-4)","background-image":"","background-repeat":"repeat","background-position":"center center","background-size":"auto","background-attachment":"scroll","background-type":"","background-media":"","overlay-type":"","overlay-color":"","overlay-opacity":"","overlay-gradient":""},"tablet":{"background-color":"","background-image":"","background-repeat":"repeat","background-position":"center center","background-size":"auto","background-attachment":"scroll","background-type":"","background-media":"","overlay-type":"","overlay-color":"","overlay-opacity":"","overlay-gradient":""},"mobile":{"background-color":"","background-image":"","background-repeat":"repeat","background-position":"center center","background-size":"auto","background-attachment":"scroll","background-type":"","background-media":"","overlay-type":"","overlay-color":"","overlay-opacity":"","overlay-gradient":""}},"ast-content-background-meta":{"desktop":{"background-color":"var(--ast-global-color-5)","background-image":"","background-repeat":"repeat","background-position":"center center","background-size":"auto","background-attachment":"scroll","background-type":"","background-media":"","overlay-type":"","overlay-color":"","overlay-opacity":"","overlay-gradient":""},"tablet":{"background-color":"var(--ast-global-color-5)","background-image":"","background-repeat":"repeat","background-position":"center center","background-size":"auto","background-attachment":"scroll","background-type":"","background-media":"","overlay-type":"","overlay-color":"","overlay-opacity":"","overlay-gradient":""},"mobile":{"background-color":"var(--ast-global-color-5)","background-image":"","background-repeat":"repeat","background-position":"center center","background-size":"auto","background-attachment":"scroll","background-type":"","background-media":"","overlay-type":"","overlay-color":"","overlay-opacity":"","overlay-gradient":""}},"footnotes":""},"folder":[35],"class_list":["post-211","page","type-page","status-publish","has-post-thumbnail","hentry"],"acf":[],"yoast_head":"<!-- This site is optimized with the Yoast SEO plugin v27.3 - https:\/\/yoast.com\/product\/yoast-seo-wordpress\/ -->\n<title>Frequently Asked Questions | Merit School of Music | FAQs<\/title>\n<meta name=\"description\" content=\"How do I register? How does financial aid work? How do I rent an instrument? Answers to all of these questions and many more.\" \/>\n<meta name=\"robots\" content=\"index, follow, max-snippet:-1, max-image-preview:large, max-video-preview:-1\" \/>\n<link rel=\"canonical\" href=\"https:\/\/meritmusic.org\/es\/faqs\/\" \/>\n<meta property=\"og:locale\" content=\"es_MX\" \/>\n<meta property=\"og:type\" content=\"article\" \/>\n<meta property=\"og:title\" content=\"Frequently Asked Questions | Merit School of Music | FAQs\" \/>\n<meta property=\"og:description\" content=\"How do I register? How does financial aid work? How do I rent an instrument? Answers to all of these questions and many more.\" \/>\n<meta property=\"og:url\" content=\"https:\/\/meritmusic.org\/es\/faqs\/\" \/>\n<meta property=\"og:site_name\" content=\"Merit School of Music\" \/>\n<meta property=\"article:modified_time\" content=\"2026-01-16T19:46:01+00:00\" \/>\n<meta property=\"og:image\" content=\"https:\/\/meritmusic.org\/wp-content\/uploads\/2023\/04\/Emma-and-Todd-Klepak-Instruments.png.webp\" \/>\n\t<meta property=\"og:image:width\" content=\"769\" \/>\n\t<meta property=\"og:image:height\" content=\"649\" \/>\n\t<meta property=\"og:image:type\" content=\"image\/webp\" \/>\n<meta name=\"twitter:card\" content=\"summary_large_image\" \/>\n<meta name=\"twitter:label1\" content=\"Tiempo de lectura\" \/>\n\t<meta name=\"twitter:data1\" content=\"11 minutos\" \/>\n<script type=\"application\/ld+json\" class=\"yoast-schema-graph\">{\"@context\":\"https:\\\/\\\/schema.org\",\"@graph\":[{\"@type\":\"WebPage\",\"@id\":\"https:\\\/\\\/meritmusic.org\\\/faqs\\\/\",\"url\":\"https:\\\/\\\/meritmusic.org\\\/faqs\\\/\",\"name\":\"Frequently Asked Questions | Merit School of Music | FAQs\",\"isPartOf\":{\"@id\":\"https:\\\/\\\/meritmusic.org\\\/#website\"},\"primaryImageOfPage\":{\"@id\":\"https:\\\/\\\/meritmusic.org\\\/faqs\\\/#primaryimage\"},\"image\":{\"@id\":\"https:\\\/\\\/meritmusic.org\\\/faqs\\\/#primaryimage\"},\"thumbnailUrl\":\"https:\\\/\\\/i0.wp.com\\\/meritmusic.org\\\/wp-content\\\/uploads\\\/2023\\\/04\\\/Emma-and-Todd-Klepak-Instruments.png.webp?fit=769%2C649&ssl=1\",\"datePublished\":\"2022-09-12T13:55:44+00:00\",\"dateModified\":\"2026-01-16T19:46:01+00:00\",\"description\":\"How do I register? How does financial aid work? How do I rent an instrument? Answers to all of these questions and many more.\",\"breadcrumb\":{\"@id\":\"https:\\\/\\\/meritmusic.org\\\/faqs\\\/#breadcrumb\"},\"inLanguage\":\"es\",\"potentialAction\":[{\"@type\":\"ReadAction\",\"target\":[\"https:\\\/\\\/meritmusic.org\\\/faqs\\\/\"]}]},{\"@type\":\"ImageObject\",\"inLanguage\":\"es\",\"@id\":\"https:\\\/\\\/meritmusic.org\\\/faqs\\\/#primaryimage\",\"url\":\"https:\\\/\\\/i0.wp.com\\\/meritmusic.org\\\/wp-content\\\/uploads\\\/2023\\\/04\\\/Emma-and-Todd-Klepak-Instruments.png.webp?fit=769%2C649&ssl=1\",\"contentUrl\":\"https:\\\/\\\/i0.wp.com\\\/meritmusic.org\\\/wp-content\\\/uploads\\\/2023\\\/04\\\/Emma-and-Todd-Klepak-Instruments.png.webp?fit=769%2C649&ssl=1\",\"width\":769,\"height\":649,\"caption\":\"Instruments on display through the support of the Klepak foundation\"},{\"@type\":\"BreadcrumbList\",\"@id\":\"https:\\\/\\\/meritmusic.org\\\/faqs\\\/#breadcrumb\",\"itemListElement\":[{\"@type\":\"ListItem\",\"position\":1,\"name\":\"Home\",\"item\":\"https:\\\/\\\/meritmusic.org\\\/\"},{\"@type\":\"ListItem\",\"position\":2,\"name\":\"FAQs\"}]},{\"@type\":\"WebSite\",\"@id\":\"https:\\\/\\\/meritmusic.org\\\/#website\",\"url\":\"https:\\\/\\\/meritmusic.org\\\/\",\"name\":\"Merit School of Music\",\"description\":\"Merit School of Music is a nationally accredited music school located in Chicago, removing barriers to high-quality music education.\",\"publisher\":{\"@id\":\"https:\\\/\\\/meritmusic.org\\\/#organization\"},\"potentialAction\":[{\"@type\":\"SearchAction\",\"target\":{\"@type\":\"EntryPoint\",\"urlTemplate\":\"https:\\\/\\\/meritmusic.org\\\/?s={search_term_string}\"},\"query-input\":{\"@type\":\"PropertyValueSpecification\",\"valueRequired\":true,\"valueName\":\"search_term_string\"}}],\"inLanguage\":\"es\"},{\"@type\":\"Organization\",\"@id\":\"https:\\\/\\\/meritmusic.org\\\/#organization\",\"name\":\"Merit School of Music\",\"url\":\"https:\\\/\\\/meritmusic.org\\\/\",\"logo\":{\"@type\":\"ImageObject\",\"inLanguage\":\"es\",\"@id\":\"https:\\\/\\\/meritmusic.org\\\/#\\\/schema\\\/logo\\\/image\\\/\",\"url\":\"https:\\\/\\\/i0.wp.com\\\/meritmusic.org\\\/wp-content\\\/uploads\\\/2022\\\/09\\\/Merit_logo.png?fit=195%2C90&ssl=1\",\"contentUrl\":\"https:\\\/\\\/i0.wp.com\\\/meritmusic.org\\\/wp-content\\\/uploads\\\/2022\\\/09\\\/Merit_logo.png?fit=195%2C90&ssl=1\",\"width\":195,\"height\":90,\"caption\":\"Merit School of Music\"},\"image\":{\"@id\":\"https:\\\/\\\/meritmusic.org\\\/#\\\/schema\\\/logo\\\/image\\\/\"}}]}<\/script>\n<!-- \/ Yoast SEO plugin. -->","yoast_head_json":{"title":"Preguntas frecuentes | Merit School of Music | Preguntas frecuentes","description":"\u00bfC\u00f3mo me inscribo? \u00bfC\u00f3mo funciona la ayuda financiera? \u00bfC\u00f3mo alquilo un instrumento? Respuestas a todas estas preguntas y muchas m\u00e1s.","robots":{"index":"index","follow":"follow","max-snippet":"max-snippet:-1","max-image-preview":"max-image-preview:large","max-video-preview":"max-video-preview:-1"},"canonical":"https:\/\/meritmusic.org\/es\/faqs\/","og_locale":"es_MX","og_type":"article","og_title":"Frequently Asked Questions | Merit School of Music | FAQs","og_description":"How do I register? How does financial aid work? How do I rent an instrument? Answers to all of these questions and many more.","og_url":"https:\/\/meritmusic.org\/es\/faqs\/","og_site_name":"Merit School of Music","article_modified_time":"2026-01-16T19:46:01+00:00","og_image":[{"width":769,"height":649,"url":"https:\/\/meritmusic.org\/wp-content\/uploads\/2023\/04\/Emma-and-Todd-Klepak-Instruments.png.webp","type":"image\/webp"}],"twitter_card":"summary_large_image","twitter_misc":{"Tiempo de lectura":"11 minutos"},"schema":{"@context":"https:\/\/schema.org","@graph":[{"@type":"WebPage","@id":"https:\/\/meritmusic.org\/faqs\/","url":"https:\/\/meritmusic.org\/faqs\/","name":"Preguntas frecuentes | Merit School of Music | Preguntas frecuentes","isPartOf":{"@id":"https:\/\/meritmusic.org\/#website"},"primaryImageOfPage":{"@id":"https:\/\/meritmusic.org\/faqs\/#primaryimage"},"image":{"@id":"https:\/\/meritmusic.org\/faqs\/#primaryimage"},"thumbnailUrl":"https:\/\/i0.wp.com\/meritmusic.org\/wp-content\/uploads\/2023\/04\/Emma-and-Todd-Klepak-Instruments.png.webp?fit=769%2C649&ssl=1","datePublished":"2022-09-12T13:55:44+00:00","dateModified":"2026-01-16T19:46:01+00:00","description":"\u00bfC\u00f3mo me inscribo? \u00bfC\u00f3mo funciona la ayuda financiera? \u00bfC\u00f3mo alquilo un instrumento? Respuestas a todas estas preguntas y muchas m\u00e1s.","breadcrumb":{"@id":"https:\/\/meritmusic.org\/faqs\/#breadcrumb"},"inLanguage":"es","potentialAction":[{"@type":"ReadAction","target":["https:\/\/meritmusic.org\/faqs\/"]}]},{"@type":"ImageObject","inLanguage":"es","@id":"https:\/\/meritmusic.org\/faqs\/#primaryimage","url":"https:\/\/i0.wp.com\/meritmusic.org\/wp-content\/uploads\/2023\/04\/Emma-and-Todd-Klepak-Instruments.png.webp?fit=769%2C649&ssl=1","contentUrl":"https:\/\/i0.wp.com\/meritmusic.org\/wp-content\/uploads\/2023\/04\/Emma-and-Todd-Klepak-Instruments.png.webp?fit=769%2C649&ssl=1","width":769,"height":649,"caption":"Instruments on display through the support of the Klepak foundation"},{"@type":"BreadcrumbList","@id":"https:\/\/meritmusic.org\/faqs\/#breadcrumb","itemListElement":[{"@type":"ListItem","position":1,"name":"Home","item":"https:\/\/meritmusic.org\/"},{"@type":"ListItem","position":2,"name":"FAQs"}]},{"@type":"WebSite","@id":"https:\/\/meritmusic.org\/#website","url":"https:\/\/meritmusic.org\/","name":"Escuela de M\u00fasica al M\u00e9rito","description":"Merit School of Music es una escuela de m\u00fasica acreditada a nivel nacional ubicada en Chicago, que elimina las barreras a la educaci\u00f3n musical de alta calidad.","publisher":{"@id":"https:\/\/meritmusic.org\/#organization"},"potentialAction":[{"@type":"SearchAction","target":{"@type":"EntryPoint","urlTemplate":"https:\/\/meritmusic.org\/?s={search_term_string}"},"query-input":{"@type":"PropertyValueSpecification","valueRequired":true,"valueName":"search_term_string"}}],"inLanguage":"es"},{"@type":"Organization","@id":"https:\/\/meritmusic.org\/#organization","name":"Escuela de M\u00fasica al M\u00e9rito","url":"https:\/\/meritmusic.org\/","logo":{"@type":"ImageObject","inLanguage":"es","@id":"https:\/\/meritmusic.org\/#\/schema\/logo\/image\/","url":"https:\/\/i0.wp.com\/meritmusic.org\/wp-content\/uploads\/2022\/09\/Merit_logo.png?fit=195%2C90&ssl=1","contentUrl":"https:\/\/i0.wp.com\/meritmusic.org\/wp-content\/uploads\/2022\/09\/Merit_logo.png?fit=195%2C90&ssl=1","width":195,"height":90,"caption":"Merit School of Music"},"image":{"@id":"https:\/\/meritmusic.org\/#\/schema\/logo\/image\/"}}]}},"jetpack_sharing_enabled":true,"_links":{"self":[{"href":"https:\/\/meritmusic.org\/es\/wp-json\/wp\/v2\/pages\/211","targetHints":{"allow":["GET"]}}],"collection":[{"href":"https:\/\/meritmusic.org\/es\/wp-json\/wp\/v2\/pages"}],"about":[{"href":"https:\/\/meritmusic.org\/es\/wp-json\/wp\/v2\/types\/page"}],"author":[{"embeddable":true,"href":"https:\/\/meritmusic.org\/es\/wp-json\/wp\/v2\/users\/12"}],"replies":[{"embeddable":true,"href":"https:\/\/meritmusic.org\/es\/wp-json\/wp\/v2\/comments?post=211"}],"version-history":[{"count":0,"href":"https:\/\/meritmusic.org\/es\/wp-json\/wp\/v2\/pages\/211\/revisions"}],"wp:featuredmedia":[{"embeddable":true,"href":"https:\/\/meritmusic.org\/es\/wp-json\/wp\/v2\/media\/39886"}],"wp:attachment":[{"href":"https:\/\/meritmusic.org\/es\/wp-json\/wp\/v2\/media?parent=211"}],"wp:term":[{"taxonomy":"folder","embeddable":true,"href":"https:\/\/meritmusic.org\/es\/wp-json\/wp\/v2\/folder?post=211"}],"curies":[{"name":"gracias","href":"https:\/\/api.w.org\/{rel}","templated":true}]}}